{"version":"1.0","provider_name":"Ambassade de la r\u00e9publique socialiste du Vietnam en France","provider_url":"https:\/\/ambassade-vietnam.com\/fr","author_name":"baochi","author_url":"https:\/\/ambassade-vietnam.com\/fr\/blog\/author\/baochi\/","title":"COMMUNIQU\u00c9 SP\u00c9CIAL - Ambassade de la r\u00e9publique socialiste du Vietnam en France","type":"rich","width":600,"height":338,"html":"<blockquote class=\"wp-embedded-content\" data-secret=\"UaSbU7YXm8\"><a href=\"https:\/\/ambassade-vietnam.com\/fr\/blog\/2023\/12\/18\/communique-special\/\">COMMUNIQU\u00c9 SP\u00c9CIAL<\/a><\/blockquote><iframe sandbox=\"allow-scripts\" security=\"restricted\" src=\"https:\/\/ambassade-vietnam.com\/fr\/blog\/2023\/12\/18\/communique-special\/embed\/#?secret=UaSbU7YXm8\" width=\"600\" height=\"338\" title=\"\u00ab\u00a0COMMUNIQU\u00c9 SP\u00c9CIAL\u00a0\u00bb &#8212; Ambassade de la r\u00e9publique socialiste du Vietnam en France\" data-secret=\"UaSbU7YXm8\" frameborder=\"0\" marginwidth=\"0\" marginheight=\"0\" scrolling=\"no\" class=\"wp-embedded-content\"><\/iframe><script type=\"text\/javascript\">\n\/* <![CDATA[ *\/\n\/*! This file is auto-generated *\/\n!function(d,l){\"use strict\";l.querySelector&&d.addEventListener&&\"undefined\"!=typeof URL&&(d.wp=d.wp||{},d.wp.receiveEmbedMessage||(d.wp.receiveEmbedMessage=function(e){var t=e.data;if((t||t.secret||t.message||t.value)&&!\/[^a-zA-Z0-9]\/.test(t.secret)){for(var s,r,n,a=l.querySelectorAll('iframe[data-secret=\"'+t.secret+'\"]'),o=l.querySelectorAll('blockquote[data-secret=\"'+t.secret+'\"]'),c=new RegExp(\"^https?:$\",\"i\"),i=0;i<o.length;i++)o[i].style.display=\"none\";for(i=0;i<a.length;i++)s=a[i],e.source===s.contentWindow&&(s.removeAttribute(\"style\"),\"height\"===t.message?(1e3<(r=parseInt(t.value,10))?r=1e3:~~r<200&&(r=200),s.height=r):\"link\"===t.message&&(r=new URL(s.getAttribute(\"src\")),n=new URL(t.value),c.test(n.protocol))&&n.host===r.host&&l.activeElement===s&&(d.top.location.href=t.value))}},d.addEventListener(\"message\",d.wp.receiveEmbedMessage,!1),l.addEventListener(\"DOMContentLoaded\",function(){for(var e,t,s=l.querySelectorAll(\"iframe.wp-embedded-content\"),r=0;r<s.length;r++)(t=(e=s[r]).getAttribute(\"data-secret\"))||(t=Math.random().toString(36).substring(2,12),e.src+=\"#?secret=\"+t,e.setAttribute(\"data-secret\",t)),e.contentWindow.postMessage({message:\"ready\",secret:t},\"*\")},!1)))}(window,document);\n\/\/# sourceURL=https:\/\/ambassade-vietnam.com\/fr\/wp-includes\/js\/wp-embed.min.js\n\/* ]]> *\/\n<\/script>\n","description":"Le Comit\u00e9 central du Parti communiste du Vietnam, l\u2019Assembl\u00e9e nationale de la R\u00e9publique Socialiste du Vietnam, la Pr\u00e9sidence de la R\u00e9publique Socialiste du Vietnam, le Gouvernement de la R\u00e9publique Socialiste du Vietnam, le Comit\u00e9 central du Front de la Patrie du Vietnam et sa famille ont l\u2019immense douleur de porter \u00e0 votre connaissance\u00a0: Le Camarade [&hellip;]"}